{"id":2312,"date":"2023-11-13T15:43:50","date_gmt":"2023-11-13T15:43:50","guid":{"rendered":"https:\/\/meio.eco.br\/inicio\/?page_id=2312"},"modified":"2026-01-29T22:42:43","modified_gmt":"2026-01-29T22:42:43","slug":"chatbot","status":"publish","type":"page","link":"https:\/\/meio.eco.br\/inicio\/","title":{"rendered":"<center>Ol\u00e1, eu sou a SofIA, vamos conversar?<\/center>"},"content":{"rendered":"\t\t<div data-elementor-type=\"wp-page\" data-elementor-id=\"2312\" class=\"elementor elementor-2312\" data-elementor-post-type=\"page\">\n\t\t\t\t<div class=\"elementor-element elementor-element-558805d0 e-flex e-con-boxed e-con e-parent\" data-id=\"558805d0\" data-element_type=\"container\">\n\t\t\t\t\t<div class=\"e-con-inner\">\n\t\t\t\t<div class=\"elementor-element elementor-element-5811cea8 elementor-widget elementor-widget-text-editor\" data-id=\"5811cea8\" data-element_type=\"widget\" data-widget_type=\"text-editor.default\">\n\t\t\t\t\t\t\t\t\t&nbsp;\r\n<p style=\"text-align: center;\">Pular&gt;&gt;<a href=\"https:\/\/meio.eco.br\/inicio\/index.php\/about\/\">P\u00e1gina Inicial<\/a><\/p>\r\n&nbsp;\r\n\r\n<typebot-standard id=\"z7BVI9d8Lp\" style=\"width: 100%; height: 600px;\"><\/typebot-standard><script type=\"module\">\n    import Typebot from \"https:\/\/cdn.jsdelivr.net\/npm\/@typebot.io\/js@0.x\/dist\/web.js\"\n    const urlParams = new URLSearchParams(window.location.search);\n    const queryParams = Object.fromEntries(urlParams.entries());\n    Typebot.initStandard({ apiHost: \"https:\/\/typebot.co\", wsHost: \"partykit.typebot.io\", id: \"z7BVI9d8Lp\", typebot: \"meio-ia\", prefilledVariables: { ...window.typebotWpUser, ...queryParams } });<\/script>\r\n\r\n<hr \/>\r\n<p style=\"text-align: center;\">Manifesto MeiO\r\n(Movimento de Empreendedores Integradores e Otimistas)<\/p>\r\nO MeiO tem o prop\u00f3sito de construir pontes que unem vis\u00f5es diferentes atrav\u00e9s do di\u00e1logo amoroso.\r\n\r\nRespeitamos a pluralidade de ideias e ideologias. Acolhemos cren\u00e7as e culturas diferentes. Temos esperan\u00e7a de um mundo melhor. Fomentamos inspira\u00e7\u00e3o e trocas entre mentes em expans\u00e3o.\r\n\r\nAqui participam amigos, e amigos de amigos, que ousam sair de territ\u00f3rios condicionados e est\u00e3o dispostos a construir uma nova consci\u00eancia social menos conflitiva, mais evolutiva e integrada.\r\n\r\nAcreditamos no MeiO como um network com sentido, um lugar seguro onde o empreendedorismo encontra alma. Acreditamos na for\u00e7a das conex\u00f5es humanas e estamos unidos pelo prop\u00f3sito de preserv\u00e1-las.\r\n\r\nNutrimos que o Estado Democr\u00e1tico de Direito evolua junto com um Estado Democr\u00e1tico de Consci\u00eancia.\r\n\r\n28\/08\/2025\r\n\r\n&nbsp;\r\n\r\n<hr \/>\r\n<p style=\"text-align: center;\"><\/p>\t\t\t\t\t\t\t\t<\/div>\n\t\t\t\t\t<\/div>\n\t\t\t\t<\/div>\n\t\t<div class=\"elementor-element elementor-element-b6d09d9 e-flex e-con-boxed e-con e-parent\" data-id=\"b6d09d9\" data-element_type=\"container\">\n\t\t\t\t\t<div class=\"e-con-inner\">\n\t\t\t\t<div class=\"elementor-element elementor-element-54ce182 elementor-button-warning elementor-align-center elementor-widget elementor-widget-button\" data-id=\"54ce182\" data-element_type=\"widget\" data-widget_type=\"button.default\">\n\t\t\t\t\t\t\t\t\t\t<a class=\"elementor-button elementor-button-link elementor-size-sm\" href=\"https:\/\/meio.eco.br\/inicio\/pacto-meio-pela-humanidade-civilidade-e-verdade\/\" target=\"_blank\">\n\t\t\t\t\t\t<span class=\"elementor-button-content-wrapper\">\n\t\t\t\t\t\t\t\t\t<span class=\"elementor-button-text\">Pacto Meio<\/span>\n\t\t\t\t\t<\/span>\n\t\t\t\t\t<\/a>\n\t\t\t\t\t\t\t\t<\/div>\n\t\t\t\t\t<\/div>\n\t\t\t\t<\/div>\n\t\t\t\t<\/div>\n\t\t","protected":false},"excerpt":{"rendered":"<p>&nbsp; Pular&gt;&gt;P\u00e1gina Inicial &nbsp; Manifesto MeiO (Movimento de Empreendedores Integradores e Otimistas) O MeiO tem o prop\u00f3sito de construir pontes que unem vis\u00f5es diferentes atrav\u00e9s do di\u00e1logo amoroso. Respeitamos a pluralidade de ideias e ideologias. Acolhemos cren\u00e7as e culturas diferentes. Temos esperan\u00e7a de um mundo melhor. Fomentamos inspira\u00e7\u00e3o e trocas entre mentes em expans\u00e3o. Aqui&hellip;<\/p>\n","protected":false},"author":1,"featured_media":0,"parent":0,"menu_order":0,"comment_status":"closed","ping_status":"closed","template":"","meta":{"_monsterinsights_skip_tracking":false,"_monsterinsights_sitenote_active":false,"_monsterinsights_sitenote_note":"","_monsterinsights_sitenote_category":0,"footnotes":""},"class_list":["post-2312","page","type-page","status-publish","format-standard","hentry"],"aioseo_notices":[],"_links":{"self":[{"href":"https:\/\/meio.eco.br\/inicio\/wp-json\/wp\/v2\/pages\/2312","targetHints":{"allow":["GET"]}}],"collection":[{"href":"https:\/\/meio.eco.br\/inicio\/wp-json\/wp\/v2\/pages"}],"about":[{"href":"https:\/\/meio.eco.br\/inicio\/wp-json\/wp\/v2\/types\/page"}],"author":[{"embeddable":true,"href":"https:\/\/meio.eco.br\/inicio\/wp-json\/wp\/v2\/users\/1"}],"replies":[{"embeddable":true,"href":"https:\/\/meio.eco.br\/inicio\/wp-json\/wp\/v2\/comments?post=2312"}],"version-history":[{"count":62,"href":"https:\/\/meio.eco.br\/inicio\/wp-json\/wp\/v2\/pages\/2312\/revisions"}],"predecessor-version":[{"id":2604,"href":"https:\/\/meio.eco.br\/inicio\/wp-json\/wp\/v2\/pages\/2312\/revisions\/2604"}],"wp:attachment":[{"href":"https:\/\/meio.eco.br\/inicio\/wp-json\/wp\/v2\/media?parent=2312"}],"curies":[{"name":"wp","href":"https:\/\/api.w.org\/{rel}","templated":true}]}}